{"id":6036,"date":"2024-06-27T15:29:10","date_gmt":"2024-06-27T19:29:10","guid":{"rendered":"https:\/\/armyrun.ca\/submissions\/colonel-carl-walker\/"},"modified":"2026-08-19T12:02:33","modified_gmt":"2026-08-19T16:02:33","slug":"colonel-carl-walker","status":"publish","type":"nproject","link":"https:\/\/armyrun.ca\/fr\/submissions\/colonel-carl-walker\/","title":{"rendered":"Colonel Carl Walker"},"content":{"rendered":"<div class=\"wp-block-image\">\n<figure class=\"aligncenter size-full\"><img fetchpriority=\"high\" decoding=\"async\" width=\"500\" height=\"500\" src=\"https:\/\/armyrun.ca\/wp-content\/uploads\/2023\/09\/remembrance-row_Colonel-Carl-Walker.png\" alt=\"\" class=\"wp-image-4568\" srcset=\"https:\/\/armyrun.ca\/wp-content\/uploads\/2023\/09\/remembrance-row_Colonel-Carl-Walker.png 500w, https:\/\/armyrun.ca\/wp-content\/uploads\/2023\/09\/remembrance-row_Colonel-Carl-Walker-300x300.png 300w, https:\/\/armyrun.ca\/wp-content\/uploads\/2023\/09\/remembrance-row_Colonel-Carl-Walker-150x150.png 150w\" sizes=\"(max-width: 500px) 100vw, 500px\" \/><\/figure>\n<\/div>\n\n\n<p class=\"wp-block-paragraph\">Le colonel Carl Michael Walker, Ph. D., a consacr\u00e9 sa vie \u00e0 servir le Canada avec distinction en tant que sp\u00e9cialiste en m\u00e9decine a\u00e9rospatiale, m\u00e9decin urgentiste, chef militaire et mentor. Son travail a fait progresser la m\u00e9decine militaire, les op\u00e9rations de recherche et de sauvetage, l\u2019\u00e9vacuation m\u00e9dico-a\u00e9rienne et la collaboration internationale, au b\u00e9n\u00e9fice d\u2019innombrables vies au Canada et partout dans le monde. Au-del\u00e0 de sa carri\u00e8re remarquable, Carl \u00e9tait un mari d\u00e9vou\u00e9, un p\u00e8re fier, un fr\u00e8re aimant, un ami cher et un coll\u00e8gue respect\u00e9. Il trouvait de la joie \u00e0 jouer du piano, \u00e0 r\u00e9aliser des projets de bricolage au chalet familial et \u00e0 passer du temps avec ceux qu\u2019il aimait. L\u2019h\u00e9ritage de Carl, fait de compassion, d\u2019humilit\u00e9, de d\u00e9vouement et d\u2019excellence, continue d\u2019inspirer tous ceux qui l\u2019ont connu.<\/p>\n","protected":false},"excerpt":{"rendered":"<p>Le colonel Carl Michael Walker, Ph. D., a consacr\u00e9 sa vie \u00e0 servir le Canada avec distinction en tant que sp\u00e9cialiste en m\u00e9decine a\u00e9rospatiale, m\u00e9decin urgentiste, chef militaire et mentor. Son travail a fait progresser la m\u00e9decine militaire, les op\u00e9rations de recherche et de sauvetage, l\u2019\u00e9vacuation m\u00e9dico-a\u00e9rienne et la collaboration internationale, au b\u00e9n\u00e9fice d\u2019innombrables vies [&hellip;]<\/p>\n","protected":false},"featured_media":4568,"template":"","nproject-category":[147],"nproject-tag":[271,242,243,244,241,267],"class_list":["post-6036","nproject","type-nproject","status-publish","has-post-thumbnail","hentry","nproject-category-allee-du-souvenir","nproject-tag-allee-du-souvenir-2014","nproject-tag-allee-du-souvenir-2022","nproject-tag-allee-du-souvenir-2023","nproject-tag-allee-du-souvenir-2024","nproject-tag-allee-du-souvenir-2025","nproject-tag-allee-du-souvenir-2026"],"yoast_head":"<!-- This site is optimized with the Yoast SEO Premium plugin v28.4 (Yoast SEO v28.4) - https:\/\/yoast.com\/product\/yoast-seo-premium-wordpress\/ -->\n<title>Colonel Carl Walker - Course de l&#039;Arm\u00e9e<\/title>\n<meta name=\"description\" content=\"All\u00e9e du souvenir | Colonel Carl Walker &quot;a rejoint l&#039;arm\u00e9e dans le cadre du programme de formation des m\u00e9decins militaires en 1986&quot;\" \/>\n<meta name=\"robots\" content=\"index, follow, max-snippet:-1, max-image-preview:large, max-video-preview:-1\" \/>\n<link rel=\"canonical\" href=\"https:\/\/armyrun.ca\/fr\/submissions\/colonel-carl-walker\/\" \/>\n<meta property=\"og:locale\" content=\"fr_FR\" \/>\n<meta property=\"og:type\" content=\"article\" \/>\n<meta property=\"og:title\" content=\"Colonel Carl Walker\" \/>\n<meta property=\"og:description\" content=\"All\u00e9e du souvenir | Colonel Carl Walker &quot;a rejoint l&#039;arm\u00e9e dans le cadre du programme de formation des m\u00e9decins militaires en 1986&quot;\" \/>\n<meta property=\"og:url\" content=\"https:\/\/armyrun.ca\/fr\/submissions\/colonel-carl-walker\/\" \/>\n<meta property=\"og:site_name\" content=\"Course de l&#039;Arm\u00e9e\" \/>\n<meta property=\"article:publisher\" content=\"https:\/\/www.facebook.com\/CanadaArmyRun\" \/>\n<meta property=\"article:modified_time\" content=\"2026-08-19T16:02:33+00:00\" \/>\n<meta property=\"og:image\" content=\"https:\/\/armyrun.ca\/wp-content\/uploads\/2023\/09\/remembrance-row_Colonel-Carl-Walker.png\" \/>\n\t<meta property=\"og:image:width\" content=\"500\" \/>\n\t<meta property=\"og:image:height\" content=\"500\" \/>\n\t<meta property=\"og:image:type\" content=\"image\/png\" \/>\n<meta name=\"twitter:card\" content=\"summary_large_image\" \/>\n<meta name=\"twitter:site\" content=\"@CanadaArmyRun\" \/>\n<meta name=\"twitter:label1\" content=\"Dur\u00e9e de lecture estim\u00e9e\" \/>\n\t<meta name=\"twitter:data1\" content=\"1 minute\" \/>\n<script type=\"application\/ld+json\" class=\"yoast-schema-graph\">{\"@context\":\"https:\\\/\\\/schema.org\",\"@graph\":[{\"@type\":\"WebPage\",\"@id\":\"https:\\\/\\\/armyrun.ca\\\/fr\\\/submissions\\\/colonel-carl-walker\\\/\",\"url\":\"https:\\\/\\\/armyrun.ca\\\/fr\\\/submissions\\\/colonel-carl-walker\\\/\",\"name\":\"Colonel Carl Walker - Course de l&#039;Arm\u00e9e\",\"isPartOf\":{\"@id\":\"https:\\\/\\\/armyrun.ca\\\/fr\\\/#website\"},\"primaryImageOfPage\":{\"@id\":\"https:\\\/\\\/armyrun.ca\\\/fr\\\/submissions\\\/colonel-carl-walker\\\/#primaryimage\"},\"image\":{\"@id\":\"https:\\\/\\\/armyrun.ca\\\/fr\\\/submissions\\\/colonel-carl-walker\\\/#primaryimage\"},\"thumbnailUrl\":\"https:\\\/\\\/armyrun.ca\\\/wp-content\\\/uploads\\\/2023\\\/09\\\/remembrance-row_Colonel-Carl-Walker.png\",\"datePublished\":\"2024-06-27T19:29:10+00:00\",\"dateModified\":\"2026-08-19T16:02:33+00:00\",\"description\":\"All\u00e9e du souvenir | Colonel Carl Walker \\\"a rejoint l'arm\u00e9e dans le cadre du programme de formation des m\u00e9decins militaires en 1986\\\"\",\"breadcrumb\":{\"@id\":\"https:\\\/\\\/armyrun.ca\\\/fr\\\/submissions\\\/colonel-carl-walker\\\/#breadcrumb\"},\"inLanguage\":\"fr-FR\",\"potentialAction\":[{\"@type\":\"ReadAction\",\"target\":[\"https:\\\/\\\/armyrun.ca\\\/fr\\\/submissions\\\/colonel-carl-walker\\\/\"]}]},{\"@type\":\"ImageObject\",\"inLanguage\":\"fr-FR\",\"@id\":\"https:\\\/\\\/armyrun.ca\\\/fr\\\/submissions\\\/colonel-carl-walker\\\/#primaryimage\",\"url\":\"https:\\\/\\\/armyrun.ca\\\/wp-content\\\/uploads\\\/2023\\\/09\\\/remembrance-row_Colonel-Carl-Walker.png\",\"contentUrl\":\"https:\\\/\\\/armyrun.ca\\\/wp-content\\\/uploads\\\/2023\\\/09\\\/remembrance-row_Colonel-Carl-Walker.png\",\"width\":500,\"height\":500},{\"@type\":\"BreadcrumbList\",\"@id\":\"https:\\\/\\\/armyrun.ca\\\/fr\\\/submissions\\\/colonel-carl-walker\\\/#breadcrumb\",\"itemListElement\":[{\"@type\":\"ListItem\",\"position\":1,\"name\":\"Accueill\",\"item\":\"https:\\\/\\\/armyrun.ca\\\/fr\\\/\"},{\"@type\":\"ListItem\",\"position\":2,\"name\":\"Projects\",\"item\":\"https:\\\/\\\/armyrun.ca\\\/fr\\\/submissions\\\/\"},{\"@type\":\"ListItem\",\"position\":3,\"name\":\"Colonel Carl Walker\"}]},{\"@type\":\"WebSite\",\"@id\":\"https:\\\/\\\/armyrun.ca\\\/fr\\\/#website\",\"url\":\"https:\\\/\\\/armyrun.ca\\\/fr\\\/\",\"name\":\"Army Run\",\"description\":\"Une course extraordinaire\",\"publisher\":{\"@id\":\"https:\\\/\\\/armyrun.ca\\\/fr\\\/#organization\"},\"potentialAction\":[{\"@type\":\"SearchAction\",\"target\":{\"@type\":\"EntryPoint\",\"urlTemplate\":\"https:\\\/\\\/armyrun.ca\\\/fr\\\/?s={search_term_string}\"},\"query-input\":{\"@type\":\"PropertyValueSpecification\",\"valueRequired\":true,\"valueName\":\"search_term_string\"}}],\"inLanguage\":\"fr-FR\"},{\"@type\":\"Organization\",\"@id\":\"https:\\\/\\\/armyrun.ca\\\/fr\\\/#organization\",\"name\":\"Army Run\",\"url\":\"https:\\\/\\\/armyrun.ca\\\/fr\\\/\",\"logo\":{\"@type\":\"ImageObject\",\"inLanguage\":\"fr-FR\",\"@id\":\"https:\\\/\\\/armyrun.ca\\\/fr\\\/#\\\/schema\\\/logo\\\/image\\\/\",\"url\":\"https:\\\/\\\/armyrun.ca\\\/wp-content\\\/uploads\\\/2024\\\/02\\\/image_2024-Logo-armyrun.png\",\"contentUrl\":\"https:\\\/\\\/armyrun.ca\\\/wp-content\\\/uploads\\\/2024\\\/02\\\/image_2024-Logo-armyrun.png\",\"width\":594,\"height\":192,\"caption\":\"Army Run\"},\"image\":{\"@id\":\"https:\\\/\\\/armyrun.ca\\\/fr\\\/#\\\/schema\\\/logo\\\/image\\\/\"},\"sameAs\":[\"https:\\\/\\\/www.facebook.com\\\/CanadaArmyRun\",\"https:\\\/\\\/x.com\\\/CanadaArmyRun\",\"https:\\\/\\\/www.instagram.com\\\/canadaarmyrun\\\/\",\"https:\\\/\\\/www.flickr.com\\\/photos\\\/canadaarmyrun\"]}]}<\/script>\n<!-- \/ Yoast SEO Premium plugin. -->","yoast_head_json":{"title":"Colonel Carl Walker - Course de l&#039;Arm\u00e9e","description":"All\u00e9e du souvenir | Colonel Carl Walker \"a rejoint l'arm\u00e9e dans le cadre du programme de formation des m\u00e9decins militaires en 1986\"","robots":{"index":"index","follow":"follow","max-snippet":"max-snippet:-1","max-image-preview":"max-image-preview:large","max-video-preview":"max-video-preview:-1"},"canonical":"https:\/\/armyrun.ca\/fr\/submissions\/colonel-carl-walker\/","og_locale":"fr_FR","og_type":"article","og_title":"Colonel Carl Walker","og_description":"All\u00e9e du souvenir | Colonel Carl Walker \"a rejoint l'arm\u00e9e dans le cadre du programme de formation des m\u00e9decins militaires en 1986\"","og_url":"https:\/\/armyrun.ca\/fr\/submissions\/colonel-carl-walker\/","og_site_name":"Course de l&#039;Arm\u00e9e","article_publisher":"https:\/\/www.facebook.com\/CanadaArmyRun","article_modified_time":"2026-08-19T16:02:33+00:00","og_image":[{"width":500,"height":500,"url":"https:\/\/armyrun.ca\/wp-content\/uploads\/2023\/09\/remembrance-row_Colonel-Carl-Walker.png","type":"image\/png"}],"twitter_card":"summary_large_image","twitter_site":"@CanadaArmyRun","twitter_misc":{"Dur\u00e9e de lecture estim\u00e9e":"1 minute"},"schema":{"@context":"https:\/\/schema.org","@graph":[{"@type":"WebPage","@id":"https:\/\/armyrun.ca\/fr\/submissions\/colonel-carl-walker\/","url":"https:\/\/armyrun.ca\/fr\/submissions\/colonel-carl-walker\/","name":"Colonel Carl Walker - Course de l&#039;Arm\u00e9e","isPartOf":{"@id":"https:\/\/armyrun.ca\/fr\/#website"},"primaryImageOfPage":{"@id":"https:\/\/armyrun.ca\/fr\/submissions\/colonel-carl-walker\/#primaryimage"},"image":{"@id":"https:\/\/armyrun.ca\/fr\/submissions\/colonel-carl-walker\/#primaryimage"},"thumbnailUrl":"https:\/\/armyrun.ca\/wp-content\/uploads\/2023\/09\/remembrance-row_Colonel-Carl-Walker.png","datePublished":"2024-06-27T19:29:10+00:00","dateModified":"2026-08-19T16:02:33+00:00","description":"All\u00e9e du souvenir | Colonel Carl Walker \"a rejoint l'arm\u00e9e dans le cadre du programme de formation des m\u00e9decins militaires en 1986\"","breadcrumb":{"@id":"https:\/\/armyrun.ca\/fr\/submissions\/colonel-carl-walker\/#breadcrumb"},"inLanguage":"fr-FR","potentialAction":[{"@type":"ReadAction","target":["https:\/\/armyrun.ca\/fr\/submissions\/colonel-carl-walker\/"]}]},{"@type":"ImageObject","inLanguage":"fr-FR","@id":"https:\/\/armyrun.ca\/fr\/submissions\/colonel-carl-walker\/#primaryimage","url":"https:\/\/armyrun.ca\/wp-content\/uploads\/2023\/09\/remembrance-row_Colonel-Carl-Walker.png","contentUrl":"https:\/\/armyrun.ca\/wp-content\/uploads\/2023\/09\/remembrance-row_Colonel-Carl-Walker.png","width":500,"height":500},{"@type":"BreadcrumbList","@id":"https:\/\/armyrun.ca\/fr\/submissions\/colonel-carl-walker\/#breadcrumb","itemListElement":[{"@type":"ListItem","position":1,"name":"Accueill","item":"https:\/\/armyrun.ca\/fr\/"},{"@type":"ListItem","position":2,"name":"Projects","item":"https:\/\/armyrun.ca\/fr\/submissions\/"},{"@type":"ListItem","position":3,"name":"Colonel Carl Walker"}]},{"@type":"WebSite","@id":"https:\/\/armyrun.ca\/fr\/#website","url":"https:\/\/armyrun.ca\/fr\/","name":"Army Run","description":"Une course extraordinaire","publisher":{"@id":"https:\/\/armyrun.ca\/fr\/#organization"},"potentialAction":[{"@type":"SearchAction","target":{"@type":"EntryPoint","urlTemplate":"https:\/\/armyrun.ca\/fr\/?s={search_term_string}"},"query-input":{"@type":"PropertyValueSpecification","valueRequired":true,"valueName":"search_term_string"}}],"inLanguage":"fr-FR"},{"@type":"Organization","@id":"https:\/\/armyrun.ca\/fr\/#organization","name":"Army Run","url":"https:\/\/armyrun.ca\/fr\/","logo":{"@type":"ImageObject","inLanguage":"fr-FR","@id":"https:\/\/armyrun.ca\/fr\/#\/schema\/logo\/image\/","url":"https:\/\/armyrun.ca\/wp-content\/uploads\/2024\/02\/image_2024-Logo-armyrun.png","contentUrl":"https:\/\/armyrun.ca\/wp-content\/uploads\/2024\/02\/image_2024-Logo-armyrun.png","width":594,"height":192,"caption":"Army Run"},"image":{"@id":"https:\/\/armyrun.ca\/fr\/#\/schema\/logo\/image\/"},"sameAs":["https:\/\/www.facebook.com\/CanadaArmyRun","https:\/\/x.com\/CanadaArmyRun","https:\/\/www.instagram.com\/canadaarmyrun\/","https:\/\/www.flickr.com\/photos\/canadaarmyrun"]}]}},"_links":{"self":[{"href":"https:\/\/armyrun.ca\/fr\/wp-json\/wp\/v2\/nproject\/6036","targetHints":{"allow":["GET"]}}],"collection":[{"href":"https:\/\/armyrun.ca\/fr\/wp-json\/wp\/v2\/nproject"}],"about":[{"href":"https:\/\/armyrun.ca\/fr\/wp-json\/wp\/v2\/types\/nproject"}],"wp:featuredmedia":[{"embeddable":true,"href":"https:\/\/armyrun.ca\/fr\/wp-json\/wp\/v2\/media\/4568"}],"wp:attachment":[{"href":"https:\/\/armyrun.ca\/fr\/wp-json\/wp\/v2\/media?parent=6036"}],"wp:term":[{"taxonomy":"nproject-category","embeddable":true,"href":"https:\/\/armyrun.ca\/fr\/wp-json\/wp\/v2\/nproject-category?post=6036"},{"taxonomy":"nproject-tag","embeddable":true,"href":"https:\/\/armyrun.ca\/fr\/wp-json\/wp\/v2\/nproject-tag?post=6036"}],"curies":[{"name":"wp","href":"https:\/\/api.w.org\/{rel}","templated":true}]}}